{"id":2084,"date":"2025-06-10T08:13:51","date_gmt":"2025-06-10T08:13:51","guid":{"rendered":"https:\/\/globalmenta.com\/proyecto\/museo-de-la-seda\/"},"modified":"2026-02-27T12:58:53","modified_gmt":"2026-02-27T12:58:53","slug":"museo-della-seta","status":"publish","type":"proyecto","link":"https:\/\/globalmenta.com\/it\/proyecto\/museo-della-seta\/","title":{"rendered":"Museo della Seta"},"content":{"rendered":"\n\t<section class=\"section custom-proyect-header\" id=\"section_1991416655\">\n\t\t<div class=\"section-bg fill\" >\n\t\t\t\t\t\t\t\t\t\n\t\t\t\n\n\t\t<\/div>\n\n\t\t\n\n\t\t<div class=\"section-content relative\">\n\t\t\t\n<div class=\"slider-wrapper relative proyects-home-slider\" id=\"slider-194740338\" >\n    <div class=\"slider slider-type-fade slider-nav-dots-dashes slider-nav-circle slider-nav-large slider-nav-light slider-style-normal slider-show-nav\"\n        data-flickity-options='{\n            \"cellAlign\": \"center\",\n            \"imagesLoaded\": true,\n            \"lazyLoad\": 1,\n            \"freeScroll\": false,\n            \"wrapAround\": true,\n            \"autoPlay\": 5000,\n            \"pauseAutoPlayOnHover\" : false,\n            \"prevNextButtons\": false,\n            \"contain\" : true,\n            \"adaptiveHeight\" : true,\n            \"dragThreshold\" : 10,\n            \"percentPosition\": true,\n            \"pageDots\": true,\n            \"rightToLeft\": false,\n            \"draggable\": false,\n            \"selectedAttraction\": 0.1,\n            \"parallax\" : 0,\n            \"friction\": 0.6        }'\n        >\n        \n\t<div class=\"img has-hover x md-x lg-x y md-y lg-y\" id=\"image_1856080680\">\n\t\t\t\t\t\t\t\t<div class=\"img-inner image-cover dark\" style=\"padding-top:100vh;\">\n\t\t\t<img loading=\"lazy\" decoding=\"async\" width=\"1020\" height=\"576\" src=\"https:\/\/globalmenta.com\/wp-content\/uploads\/2025\/07\/museo-seda-01.jpg\" class=\"attachment-large size-large\" alt=\"\" srcset=\"https:\/\/globalmenta.com\/wp-content\/uploads\/2025\/07\/museo-seda-01.jpg 1920w, https:\/\/globalmenta.com\/wp-content\/uploads\/2025\/07\/museo-seda-01-1024x579.jpg 1024w, https:\/\/globalmenta.com\/wp-content\/uploads\/2025\/07\/museo-seda-01-768x434.jpg 768w, https:\/\/globalmenta.com\/wp-content\/uploads\/2025\/07\/museo-seda-01-1536x868.jpg 1536w\" sizes=\"auto, (max-width: 1020px) 100vw, 1020px\" \/>\t\t\t\t\t\t\n\t\t\t\t\t<\/div>\n\t\t\t\t\t\t\t\t\n<style>\n#image_1856080680 {\n  width: 100%;\n}\n<\/style>\n\t<\/div>\n\t\n\t<div class=\"img has-hover x md-x lg-x y md-y lg-y\" id=\"image_1957544264\">\n\t\t\t\t\t\t\t\t<div class=\"img-inner image-cover dark\" style=\"padding-top:100vh;\">\n\t\t\t<img loading=\"lazy\" decoding=\"async\" width=\"1020\" height=\"576\" src=\"https:\/\/globalmenta.com\/wp-content\/uploads\/2025\/07\/museo-seda-02.jpg\" class=\"attachment-large size-large\" alt=\"\" srcset=\"https:\/\/globalmenta.com\/wp-content\/uploads\/2025\/07\/museo-seda-02.jpg 1920w, https:\/\/globalmenta.com\/wp-content\/uploads\/2025\/07\/museo-seda-02-1024x579.jpg 1024w, https:\/\/globalmenta.com\/wp-content\/uploads\/2025\/07\/museo-seda-02-768x434.jpg 768w, https:\/\/globalmenta.com\/wp-content\/uploads\/2025\/07\/museo-seda-02-1536x868.jpg 1536w\" sizes=\"auto, (max-width: 1020px) 100vw, 1020px\" \/>\t\t\t\t\t\t\n\t\t\t\t\t<\/div>\n\t\t\t\t\t\t\t\t\n<style>\n#image_1957544264 {\n  width: 100%;\n}\n<\/style>\n\t<\/div>\n\t\n\t<div class=\"img has-hover x md-x lg-x y md-y lg-y\" id=\"image_655917572\">\n\t\t\t\t\t\t\t\t<div class=\"img-inner image-cover dark\" style=\"padding-top:100vh;\">\n\t\t\t<img loading=\"lazy\" decoding=\"async\" width=\"1020\" height=\"576\" src=\"https:\/\/globalmenta.com\/wp-content\/uploads\/2025\/07\/museo-seda-03.jpg\" class=\"attachment-large size-large\" alt=\"\" srcset=\"https:\/\/globalmenta.com\/wp-content\/uploads\/2025\/07\/museo-seda-03.jpg 1920w, https:\/\/globalmenta.com\/wp-content\/uploads\/2025\/07\/museo-seda-03-1024x579.jpg 1024w, https:\/\/globalmenta.com\/wp-content\/uploads\/2025\/07\/museo-seda-03-768x434.jpg 768w, https:\/\/globalmenta.com\/wp-content\/uploads\/2025\/07\/museo-seda-03-1536x868.jpg 1536w\" sizes=\"auto, (max-width: 1020px) 100vw, 1020px\" \/>\t\t\t\t\t\t\n\t\t\t\t\t<\/div>\n\t\t\t\t\t\t\t\t\n<style>\n#image_655917572 {\n  width: 100%;\n}\n<\/style>\n\t<\/div>\n\t\n\t<div class=\"img has-hover x md-x lg-x y md-y lg-y\" id=\"image_1672574561\">\n\t\t\t\t\t\t\t\t<div class=\"img-inner image-cover dark\" style=\"padding-top:100vh;\">\n\t\t\t<img loading=\"lazy\" decoding=\"async\" width=\"1020\" height=\"576\" src=\"https:\/\/globalmenta.com\/wp-content\/uploads\/2025\/07\/museo-seda-04.jpg\" class=\"attachment-large size-large\" alt=\"\" srcset=\"https:\/\/globalmenta.com\/wp-content\/uploads\/2025\/07\/museo-seda-04.jpg 1920w, https:\/\/globalmenta.com\/wp-content\/uploads\/2025\/07\/museo-seda-04-1024x579.jpg 1024w, https:\/\/globalmenta.com\/wp-content\/uploads\/2025\/07\/museo-seda-04-768x434.jpg 768w, https:\/\/globalmenta.com\/wp-content\/uploads\/2025\/07\/museo-seda-04-1536x868.jpg 1536w\" sizes=\"auto, (max-width: 1020px) 100vw, 1020px\" \/>\t\t\t\t\t\t\n\t\t\t\t\t<\/div>\n\t\t\t\t\t\t\t\t\n<style>\n#image_1672574561 {\n  width: 100%;\n}\n<\/style>\n\t<\/div>\n\t\n\t<div class=\"img has-hover x md-x lg-x y md-y lg-y\" id=\"image_1000914713\">\n\t\t\t\t\t\t\t\t<div class=\"img-inner image-cover dark\" style=\"padding-top:100vh;\">\n\t\t\t<img loading=\"lazy\" decoding=\"async\" width=\"1020\" height=\"576\" src=\"https:\/\/globalmenta.com\/wp-content\/uploads\/2025\/07\/museo-seda-05.jpg\" class=\"attachment-large size-large\" alt=\"\" srcset=\"https:\/\/globalmenta.com\/wp-content\/uploads\/2025\/07\/museo-seda-05.jpg 1920w, https:\/\/globalmenta.com\/wp-content\/uploads\/2025\/07\/museo-seda-05-1024x579.jpg 1024w, https:\/\/globalmenta.com\/wp-content\/uploads\/2025\/07\/museo-seda-05-768x434.jpg 768w, https:\/\/globalmenta.com\/wp-content\/uploads\/2025\/07\/museo-seda-05-1536x868.jpg 1536w\" sizes=\"auto, (max-width: 1020px) 100vw, 1020px\" \/>\t\t\t\t\t\t\n\t\t\t\t\t<\/div>\n\t\t\t\t\t\t\t\t\n<style>\n#image_1000914713 {\n  width: 100%;\n}\n<\/style>\n\t<\/div>\n\t\n\t<div class=\"img has-hover x md-x lg-x y md-y lg-y\" id=\"image_1842592951\">\n\t\t\t\t\t\t\t\t<div class=\"img-inner image-cover dark\" style=\"padding-top:100vh;\">\n\t\t\t<img loading=\"lazy\" decoding=\"async\" width=\"1020\" height=\"576\" src=\"https:\/\/globalmenta.com\/wp-content\/uploads\/2025\/07\/museo-seda-06.jpg\" class=\"attachment-large size-large\" alt=\"\" srcset=\"https:\/\/globalmenta.com\/wp-content\/uploads\/2025\/07\/museo-seda-06.jpg 1920w, https:\/\/globalmenta.com\/wp-content\/uploads\/2025\/07\/museo-seda-06-1024x579.jpg 1024w, https:\/\/globalmenta.com\/wp-content\/uploads\/2025\/07\/museo-seda-06-768x434.jpg 768w, https:\/\/globalmenta.com\/wp-content\/uploads\/2025\/07\/museo-seda-06-1536x868.jpg 1536w\" sizes=\"auto, (max-width: 1020px) 100vw, 1020px\" \/>\t\t\t\t\t\t\n\t\t\t\t\t<\/div>\n\t\t\t\t\t\t\t\t\n<style>\n#image_1842592951 {\n  width: 100%;\n}\n<\/style>\n\t<\/div>\n\t\n     <\/div>\n\n     <div class=\"loading-spin dark large centered\"><\/div>\n\n\t<\/div>\n\n\n<div class=\"row custom-proyect-title-row\"  id=\"row-1362805861\">\n\n\t<div id=\"col-788633480\" class=\"col small-12 large-12\"  >\n\t\t\t\t<div class=\"col-inner\"  >\n\t\t\t\n\t\t\t\n\t<div id=\"text-599126299\" class=\"text doubled-font txt-m-0\">\n\t\t\n<h1 data-animate=\"fadeIn\" data-animate-delay=\"200\">Museo della <em>Seta<\/em><\/h1>\n\t\t\n<style>\n#text-599126299 {\n  font-size: 1.5rem;\n  line-height: 1.1;\n  text-align: center;\n  color: rgb(255, 255, 255);\n}\n#text-599126299 > * {\n  color: rgb(255, 255, 255);\n}\n@media (min-width:550px) {\n  #text-599126299 {\n    font-size: 2.25rem;\n  }\n}\n@media (min-width:850px) {\n  #text-599126299 {\n    font-size: 2.1875rem;\n  }\n}\n<\/style>\n\t<\/div>\n\t\n\t\t<\/div>\n\t\t\t\t\t<\/div>\n\n\t\n<\/div>\n\t\t<\/div>\n\n\t\t\n<style>\n#section_1991416655 {\n  padding-top: 0px;\n  padding-bottom: 0px;\n  min-height: 100.01vh;\n  background-color: rgb(0, 0, 0);\n}\n<\/style>\n\t<\/section>\n\t\n\n\t<section class=\"section\" id=\"section_2133168619\">\n\t\t<div class=\"section-bg fill\" >\n\t\t\t\t\t\t\t\t\t\n\t\t\t\n\n\t\t<\/div>\n\n\t\t\n\n\t\t<div class=\"section-content relative\">\n\t\t\t\n\t<div id=\"gap-2096762315\" class=\"gap-element clearfix\" style=\"display:block; height:auto;\">\n\t\t\n<style>\n#gap-2096762315 {\n  padding-top: 80px;\n}\n@media (min-width:550px) {\n  #gap-2096762315 {\n    padding-top: 160px;\n  }\n}\n@media (min-width:850px) {\n  #gap-2096762315 {\n    padding-top: 200px;\n  }\n}\n<\/style>\n\t<\/div>\n\t\n<div class=\"row\"  id=\"row-1778719554\">\n\n\t<div id=\"col-817450839\" class=\"col medium-12 small-12 large-6\"  >\n\t\t\t\t<div class=\"col-inner\"  >\n\t\t\t\n\t\t\t\n\t<div id=\"text-640463295\" class=\"text titles-font txt-m-0 fw-400\">\n\t\t\n<p>Museo della <em>Seta<\/em><\/p>\n\t\t\n<style>\n#text-640463295 {\n  font-size: 2.25rem;\n  line-height: 1.2;\n}\n@media (min-width:550px) {\n  #text-640463295 {\n    font-size: 3rem;\n  }\n}\n<\/style>\n\t<\/div>\n\t\n\t<div id=\"gap-1551905209\" class=\"gap-element clearfix\" style=\"display:block; height:auto;\">\n\t\t\n<style>\n#gap-1551905209 {\n  padding-top: 15px;\n}\n<\/style>\n\t<\/div>\n\t\n\t<div id=\"text-4162365058\" class=\"text proyecto-tags\">\n\t\t\n<ul>\n<li>Valencia, Spagna<\/li>\n<li>2017 &#8211; Att.<\/li>\n<li>mediazione culturale e promozione<\/li>\n<\/ul>\n\t\t\n<style>\n#text-4162365058 {\n  font-size: 0.8rem;\n}\n<\/style>\n\t<\/div>\n\t\n\t<div id=\"gap-252349593\" class=\"gap-element clearfix\" style=\"display:block; height:auto;\">\n\t\t\n<style>\n#gap-252349593 {\n  padding-top: 50px;\n}\n<\/style>\n\t<\/div>\n\t\n\t<div id=\"text-1098631035\" class=\"text balance fw-700\">\n\t\t\n<p>Il Collegio dell\u2019Arte Maggiore della Seta \u00e8 uno degli edifici pi\u00f9 emblematici dell\u2019architettura e della cultura valenciana, situato nel cuore del quartiere di Velluters, nel pieno centro storico di Valencia.<\/p>\n\t\t\n<style>\n#text-1098631035 {\n  font-size: 1.25rem;\n  line-height: 1.5;\n}\n@media (min-width:550px) {\n  #text-1098631035 {\n    font-size: 1.375rem;\n  }\n}\n<\/style>\n\t<\/div>\n\t\n\t\t<\/div>\n\t\t\t\t\n<style>\n#col-817450839 > .col-inner {\n  padding: 0px 0px 0px 0px;\n}\n@media (min-width:850px) {\n  #col-817450839 > .col-inner {\n    padding: 0px 5% 0px 0px;\n  }\n}\n<\/style>\n\t<\/div>\n\n\t\n\n\t<div id=\"col-1919088200\" class=\"col medium-12 small-12 large-6\"  >\n\t\t\t\t<div class=\"col-inner\"  >\n\t\t\t\n\t\t\t\n\t<div id=\"text-1040398261\" class=\"text fw-300\">\n\t\t\n<p>Costruito nel XV secolo su una base gotica, il suo interno custodisce un prezioso patrimonio artistico composto da affreschi, murali e, soprattutto, dai mosaici del pavimento.<\/p>\n<p>Grazie al restauro promosso dalla Fondazione Hortensia Herrero tra il 2014 e il 2016, \u00e8 stata recuperata una parte essenziale della storia materiale e immateriale della citt\u00e0. L\u2019edificio fu sede dell\u2019influente corporazione dei setaioli, fondamentale per l\u2019economia valenciana e riconosciuta a livello internazionale. Inoltre, conserva l\u2019archivio storico pi\u00f9 importante d\u2019Europa legato alla seta.<\/p>\n<p>Da allora, Global Menta guida il progetto, creando e sviluppando esperienze uniche che avvicinano questo spazio patrimoniale a ogni tipo di pubblico, attraverso proposte basate sull\u2019innovazione, la qualit\u00e0 e la connessione emotiva.<\/p>\n\t\t\n<style>\n#text-1040398261 {\n  font-size: 1rem;\n  line-height: 1.4;\n}\n@media (min-width:550px) {\n  #text-1040398261 {\n    font-size: 1.375rem;\n  }\n}\n<\/style>\n\t<\/div>\n\t\n\t\t<\/div>\n\t\t\t\t\n<style>\n#col-1919088200 > .col-inner {\n  padding: 0px 0px 0px 0%;\n}\n@media (min-width:850px) {\n  #col-1919088200 > .col-inner {\n    padding: 0px 0px 0px 0px;\n  }\n}\n<\/style>\n\t<\/div>\n\n\t\n<\/div>\n\t<div id=\"gap-1422575369\" class=\"gap-element clearfix\" style=\"display:block; height:auto;\">\n\t\t\n<style>\n#gap-1422575369 {\n  padding-top: 50px;\n}\n@media (min-width:550px) {\n  #gap-1422575369 {\n    padding-top: 70px;\n  }\n}\n@media (min-width:850px) {\n  #gap-1422575369 {\n    padding-top: 100px;\n  }\n}\n<\/style>\n\t<\/div>\n\t\n\t\t<\/div>\n\n\t\t\n<style>\n#section_2133168619 {\n  padding-top: 0px;\n  padding-bottom: 0px;\n}\n<\/style>\n\t<\/section>\n\t\n\n\t<section class=\"section\" id=\"section_516721890\">\n\t\t<div class=\"section-bg fill\" >\n\t\t\t\t\t\t\t\t\t\n\t\t\t\n\n\t\t<\/div>\n\n\t\t\n\n\t\t<div class=\"section-content relative\">\n\t\t\t\n<div class=\"row\"  id=\"row-1358170868\">\n\n\t<div id=\"col-435372995\" class=\"col small-12 large-12\"  >\n\t\t\t\t<div class=\"col-inner\"  >\n\t\t\t\n\t\t\t\n<div class=\"row\"  id=\"row-1161841951\">\n\n\t<div id=\"col-1336992426\" class=\"col medium-6 small-12 large-6\"  data-animate=\"fadeInUp\">\n\t\t\t\t<div class=\"col-inner\"  >\n\t\t\t\n\t\t\t\n\t<div class=\"img has-hover x md-x lg-x y md-y lg-y\" id=\"image_1814465151\">\n\t\t\t\t\t\t\t\t<div class=\"img-inner dark\" >\n\t\t\t<img loading=\"lazy\" decoding=\"async\" width=\"788\" height=\"781\" src=\"https:\/\/globalmenta.com\/wp-content\/uploads\/2025\/06\/museo-seda-img-1.jpg\" class=\"attachment-large size-large\" alt=\"\" srcset=\"https:\/\/globalmenta.com\/wp-content\/uploads\/2025\/06\/museo-seda-img-1.jpg 788w, https:\/\/globalmenta.com\/wp-content\/uploads\/2025\/06\/museo-seda-img-1-768x761.jpg 768w\" sizes=\"auto, (max-width: 788px) 100vw, 788px\" \/>\t\t\t\t\t\t\n\t\t\t\t\t<\/div>\n\t\t\t\t\t\t\t\t\n<style>\n#image_1814465151 {\n  width: 100%;\n}\n<\/style>\n\t<\/div>\n\t\n\t\t<\/div>\n\t\t\t\t\t<\/div>\n\n\t\n\n\t<div id=\"col-674251333\" class=\"col medium-6 small-12 large-6\"  data-animate=\"fadeInUp\">\n\t\t\t\t<div class=\"col-inner\"  >\n\t\t\t\n\t\t\t\n\t<div class=\"img has-hover x md-x lg-x y md-y lg-y\" id=\"image_129683780\">\n\t\t\t\t\t\t\t\t<div class=\"img-inner dark\" >\n\t\t\t<img loading=\"lazy\" decoding=\"async\" width=\"786\" height=\"781\" src=\"https:\/\/globalmenta.com\/wp-content\/uploads\/2025\/06\/museo-seda-img.jpg\" class=\"attachment-large size-large\" alt=\"\" srcset=\"https:\/\/globalmenta.com\/wp-content\/uploads\/2025\/06\/museo-seda-img.jpg 786w, https:\/\/globalmenta.com\/wp-content\/uploads\/2025\/06\/museo-seda-img-768x763.jpg 768w\" sizes=\"auto, (max-width: 786px) 100vw, 786px\" \/>\t\t\t\t\t\t\n\t\t\t\t\t<\/div>\n\t\t\t\t\t\t\t\t\n<style>\n#image_129683780 {\n  width: 100%;\n}\n<\/style>\n\t<\/div>\n\t\n\t\t<\/div>\n\t\t\t\t\t<\/div>\n\n\t\n<\/div>\n\t\t<\/div>\n\t\t\t\t\t<\/div>\n\n\t\n<\/div>\n\n\t\t<\/div>\n\n\t\t\n<style>\n#section_516721890 {\n  padding-top: 0px;\n  padding-bottom: 0px;\n}\n<\/style>\n\t<\/section>\n\t\n\n\t<section class=\"section\" id=\"section_1343124567\">\n\t\t<div class=\"section-bg fill\" >\n\t\t\t\t\t\t\t\t\t\n\t\t\t\n\n\t\t<\/div>\n\n\t\t\n\n\t\t<div class=\"section-content relative\">\n\t\t\t\n\t<div id=\"gap-408865596\" class=\"gap-element clearfix\" style=\"display:block; height:auto;\">\n\t\t\n<style>\n#gap-408865596 {\n  padding-top: 40px;\n}\n@media (min-width:850px) {\n  #gap-408865596 {\n    padding-top: 120px;\n  }\n}\n<\/style>\n\t<\/div>\n\t\n<div class=\"row\"  id=\"row-691929091\">\n\n\t<div id=\"col-1971394181\" class=\"col transformacion-pasos-col medium-12 small-12 large-6 medium-col-first\"  >\n\t\t\t\t<div class=\"col-inner\"  >\n\t\t\t\n\t\t\t\n\t<div id=\"text-3983770679\" class=\"text txt-m-0\">\n\t\t\n<h2>Come <em>trasformiamo<\/em><br \/>\nil museo in un punto di riferimento<br \/>\nculturale<\/h2>\n\t\t\n<style>\n#text-3983770679 {\n  font-size: 2rem;\n  line-height: 1.2;\n}\n@media (min-width:550px) {\n  #text-3983770679 {\n    font-size: 3rem;\n  }\n}\n<\/style>\n\t<\/div>\n\t\n\t<div id=\"gap-1336976124\" class=\"gap-element clearfix\" style=\"display:block; height:auto;\">\n\t\t\n<style>\n#gap-1336976124 {\n  padding-top: 70px;\n}\n@media (min-width:550px) {\n  #gap-1336976124 {\n    padding-top: 100px;\n  }\n}\n<\/style>\n\t<\/div>\n\t\n<div class=\"row row-collapse\"  id=\"row-1813605579\">\n\n\t<div id=\"col-1986805976\" class=\"col small-12 large-12\"  >\n\t\t\t\t<div class=\"col-inner\"  >\n\t\t\t\n\t\t\t\n\t<div id=\"text-1873200376\" class=\"text txt-m-0 fw-700 base-font uppercase\">\n\t\t\n<h3>Gestione culturale<\/h3>\n\t\t\n<style>\n#text-1873200376 {\n  font-size: 1.5rem;\n  line-height: 1.3;\n}\n@media (min-width:550px) {\n  #text-1873200376 {\n    font-size: 1.375rem;\n  }\n}\n<\/style>\n\t<\/div>\n\t\n\t<div id=\"gap-1364101244\" class=\"gap-element clearfix\" style=\"display:block; height:auto;\">\n\t\t\n<style>\n#gap-1364101244 {\n  padding-top: 24px;\n}\n<\/style>\n\t<\/div>\n\t\n\t<div id=\"text-3155134141\" class=\"text txt-m-0 fw-300\">\n\t\t\n<p>La gestione di questo spazio si caratterizza per un approccio integrale che combina accoglienza al visitatore, mediazione specializzata e valorizzazione del patrimonio. Attraverso un team formato in storia, arte e tradizione serica, vengono progettate esperienze adattate a diversi pubblici, incluse visite guidate, contenuti audiovisivi e segnaletica accessibile.<\/p>\n<p><\/br><\/p>\n<p>Si punta su una comunicazione chiara e coinvolgente che collega l\u2019eredit\u00e0 della corporazione dei setaioli alla storia viva di Valencia. Inoltre, vengono implementati strumenti tecnologici come audioguide multilingue e un sistema di biglietteria efficiente, il tutto orientato a garantire un\u2019esperienza culturale di qualit\u00e0.<\/p>\n\t\t\n<style>\n#text-3155134141 {\n  font-size: 1rem;\n  line-height: 1.4;\n}\n@media (min-width:550px) {\n  #text-3155134141 {\n    font-size: 1.375rem;\n  }\n}\n<\/style>\n\t<\/div>\n\t\n\t<div id=\"gap-1402322453\" class=\"gap-element clearfix\" style=\"display:block; height:auto;\">\n\t\t\n<style>\n#gap-1402322453 {\n  padding-top: 40px;\n}\n@media (min-width:550px) {\n  #gap-1402322453 {\n    padding-top: 60px;\n  }\n}\n<\/style>\n\t<\/div>\n\t\n\t\t<\/div>\n\t\t\t\t\t<\/div>\n\n\t\n<\/div>\n<div class=\"row row-collapse\"  id=\"row-224815205\">\n\n\t<div id=\"col-377931722\" class=\"col small-12 large-12\"  >\n\t\t\t\t<div class=\"col-inner\"  >\n\t\t\t\n\t\t\t\n\t<div id=\"text-727356446\" class=\"text txt-m-0 fw-700 base-font uppercase\">\n\t\t\n<h3>Progettazione dei contenuti e mediazione<\/h3>\n\t\t\n<style>\n#text-727356446 {\n  font-size: 1.5rem;\n  line-height: 1.3;\n}\n@media (min-width:550px) {\n  #text-727356446 {\n    font-size: 1.375rem;\n  }\n}\n<\/style>\n\t<\/div>\n\t\n\t<div id=\"gap-1071200759\" class=\"gap-element clearfix\" style=\"display:block; height:auto;\">\n\t\t\n<style>\n#gap-1071200759 {\n  padding-top: 24px;\n}\n<\/style>\n\t<\/div>\n\t\n\t<div id=\"text-388652702\" class=\"text txt-m-0 fw-300\">\n\t\t\n<p><strong>La progettazione dei contenuti e la mediazione culturale di Global Menta al Museo della Seta si concentrano nel trasmettere il valore storico, artistico e sociale dell\u2019eredit\u00e0 serica valenciana in modo accessibile, rigoroso e coinvolgente.<\/strong> I contenuti vengono adattati a diversi profili di visitatori attraverso risorse come visite guidate, materiali didattici, audioguide in 5 lingue e attivit\u00e0 per gruppi scolastici.<\/p>\n<p><\/br><\/p>\n<p>La mediazione \u00e8 affidata a un team specializzato che favorisce un\u2019esperienza partecipativa, facilitando il dialogo tra il pubblico e il patrimonio. Questo lavoro non solo informa, ma connette emotivamente il visitatore con la storia dell\u2019edificio, della corporazione della seta e della citt\u00e0 di Valencia.<\/p>\n\t\t\n<style>\n#text-388652702 {\n  font-size: 1rem;\n  line-height: 1.4;\n}\n@media (min-width:550px) {\n  #text-388652702 {\n    font-size: 1.375rem;\n  }\n}\n<\/style>\n\t<\/div>\n\t\n\t<div id=\"gap-1403591655\" class=\"gap-element clearfix\" style=\"display:block; height:auto;\">\n\t\t\n<style>\n#gap-1403591655 {\n  padding-top: 40px;\n}\n@media (min-width:550px) {\n  #gap-1403591655 {\n    padding-top: 60px;\n  }\n}\n<\/style>\n\t<\/div>\n\t\n\t\t<\/div>\n\t\t\t\t\t<\/div>\n\n\t\n\n<style>\n#row-224815205 > .col > .col-inner {\n  padding: 30px 0px 0px 0px;\n}\n<\/style>\n<\/div>\n<div class=\"row row-collapse\"  id=\"row-937755426\">\n\n\t<div id=\"col-1719077198\" class=\"col small-12 large-12\"  >\n\t\t\t\t<div class=\"col-inner\"  >\n\t\t\t\n\t\t\t\n\t<div id=\"text-2146858664\" class=\"text txt-m-0 fw-700 base-font uppercase\">\n\t\t\n<h3>Comunicazione e Promozione<\/h3>\n\t\t\n<style>\n#text-2146858664 {\n  font-size: 1.5rem;\n  line-height: 1.3;\n}\n@media (min-width:550px) {\n  #text-2146858664 {\n    font-size: 1.375rem;\n  }\n}\n<\/style>\n\t<\/div>\n\t\n\t<div id=\"gap-1028663753\" class=\"gap-element clearfix\" style=\"display:block; height:auto;\">\n\t\t\n<style>\n#gap-1028663753 {\n  padding-top: 24px;\n}\n<\/style>\n\t<\/div>\n\t\n\t<div id=\"text-2680086028\" class=\"text txt-m-0 fw-300\">\n\t\t\n<p><strong>La comunicazione e promozione di Global Menta al Museo della Seta si basano su una strategia coerente e multicanale volta a posizionare lo spazio come un punto di riferimento culturale a Valencia.<\/strong> Attraverso campagne digitali, social media, media tradizionali e collaborazioni con piattaforme turistiche, si garantisce una presenza costante e mirata.<\/p>\n<p><\/br><\/p>\n<p>Vengono creati contenuti audiovisivi e grafici in linea con l\u2019identit\u00e0 del museo, evidenziando il suo valore patrimoniale e la rilevanza storica. Inoltre, si lavora in coordinamento con amministrazioni pubbliche, operatori culturali e turistici per rafforzarne la proiezione, attrarre nuovi pubblici e favorire una connessione duratura con l\u2019eredit\u00e0 della seta valenciana.<\/p>\n\t\t\n<style>\n#text-2680086028 {\n  font-size: 1rem;\n  line-height: 1.4;\n}\n@media (min-width:550px) {\n  #text-2680086028 {\n    font-size: 1.375rem;\n  }\n}\n<\/style>\n\t<\/div>\n\t\n\t<div id=\"gap-28485277\" class=\"gap-element clearfix\" style=\"display:block; height:auto;\">\n\t\t\n<style>\n#gap-28485277 {\n  padding-top: 40px;\n}\n@media (min-width:550px) {\n  #gap-28485277 {\n    padding-top: 60px;\n  }\n}\n<\/style>\n\t<\/div>\n\t\n<a href=\"\/it\/contatto\/\" class=\"button secondary is-outline\"  >\n\t\t<span>Pi\u00f9 informazioni<\/span>\n\t<\/a>\n\n\t\t<\/div>\n\t\t\t\t\t<\/div>\n\n\t\n\n<style>\n#row-937755426 > .col > .col-inner {\n  padding: 30px 0px 0px 0px;\n}\n<\/style>\n<\/div>\n\t\t<\/div>\n\t\t\t\t\n<style>\n#col-1971394181 > .col-inner {\n  padding: 0px 0px 0px 0px;\n}\n@media (min-width:550px) {\n  #col-1971394181 > .col-inner {\n    padding: 0px 0px 0px 0px;\n  }\n}\n@media (min-width:850px) {\n  #col-1971394181 > .col-inner {\n    padding: 0px 10% 0px 0px;\n  }\n}\n<\/style>\n\t<\/div>\n\n\t\n\n\t<div id=\"col-1169230893\" class=\"col medium-12 small-12 large-6\"  >\n\t\t\t\t<div class=\"col-inner\"  >\n\t\t\t\n\t\t\t\n\t<div class=\"img has-hover x md-x lg-x y md-y lg-y\" id=\"image_25382794\">\n\t\t\t\t\t\t<div data-animate=\"fadeInRight\">\t\t<div class=\"img-inner dark\" style=\"margin:0px 0px 10px 0px;\">\n\t\t\t<img loading=\"lazy\" decoding=\"async\" width=\"788\" height=\"511\" src=\"https:\/\/globalmenta.com\/wp-content\/uploads\/2025\/06\/como-transformamos-museo-seda.jpg\" class=\"attachment-large size-large\" alt=\"\" srcset=\"https:\/\/globalmenta.com\/wp-content\/uploads\/2025\/06\/como-transformamos-museo-seda.jpg 788w, https:\/\/globalmenta.com\/wp-content\/uploads\/2025\/06\/como-transformamos-museo-seda-768x498.jpg 768w\" sizes=\"auto, (max-width: 788px) 100vw, 788px\" \/>\t\t\t\t\t\t\n\t\t\t\t\t<\/div>\n\t\t<\/div>\t\t\t\t\t\t\n<style>\n#image_25382794 {\n  width: 100%;\n}\n<\/style>\n\t<\/div>\n\t\n\t<div class=\"img has-hover x md-x lg-x y md-y lg-y\" id=\"image_538555200\">\n\t\t\t\t\t\t<div data-animate=\"fadeInRight\">\t\t<div class=\"img-inner dark\" style=\"margin:0px 0px 10px 0px;\">\n\t\t\t<img loading=\"lazy\" decoding=\"async\" width=\"788\" height=\"511\" src=\"https:\/\/globalmenta.com\/wp-content\/uploads\/2025\/06\/como-transformamos-museo-seda-1.jpg\" class=\"attachment-large size-large\" alt=\"\" srcset=\"https:\/\/globalmenta.com\/wp-content\/uploads\/2025\/06\/como-transformamos-museo-seda-1.jpg 788w, https:\/\/globalmenta.com\/wp-content\/uploads\/2025\/06\/como-transformamos-museo-seda-1-768x498.jpg 768w\" sizes=\"auto, (max-width: 788px) 100vw, 788px\" \/>\t\t\t\t\t\t\n\t\t\t\t\t<\/div>\n\t\t<\/div>\t\t\t\t\t\t\n<style>\n#image_538555200 {\n  width: 100%;\n}\n<\/style>\n\t<\/div>\n\t\n\t<div class=\"img has-hover x md-x lg-x y md-y lg-y\" id=\"image_152484734\">\n\t\t\t\t\t\t<div data-animate=\"fadeInRight\">\t\t<div class=\"img-inner dark\" style=\"margin:0px 0px 10px 0px;\">\n\t\t\t<img loading=\"lazy\" decoding=\"async\" width=\"788\" height=\"511\" src=\"https:\/\/globalmenta.com\/wp-content\/uploads\/2025\/06\/como-transformamos-museo-seda-2.jpg\" class=\"attachment-large size-large\" alt=\"\" srcset=\"https:\/\/globalmenta.com\/wp-content\/uploads\/2025\/06\/como-transformamos-museo-seda-2.jpg 788w, https:\/\/globalmenta.com\/wp-content\/uploads\/2025\/06\/como-transformamos-museo-seda-2-768x498.jpg 768w\" sizes=\"auto, (max-width: 788px) 100vw, 788px\" \/>\t\t\t\t\t\t\n\t\t\t\t\t<\/div>\n\t\t<\/div>\t\t\t\t\t\t\n<style>\n#image_152484734 {\n  width: 100%;\n}\n<\/style>\n\t<\/div>\n\t\n\t\t<\/div>\n\t\t\t\t\t<\/div>\n\n\t\n<\/div>\n\t<div id=\"gap-1929586946\" class=\"gap-element clearfix\" style=\"display:block; height:auto;\">\n\t\t\n<style>\n#gap-1929586946 {\n  padding-top: 50px;\n}\n@media (min-width:550px) {\n  #gap-1929586946 {\n    padding-top: 100px;\n  }\n}\n@media (min-width:850px) {\n  #gap-1929586946 {\n    padding-top: 140px;\n  }\n}\n<\/style>\n\t<\/div>\n\t\n\t\t<\/div>\n\n\t\t\n<style>\n#section_1343124567 {\n  padding-top: 0px;\n  padding-bottom: 0px;\n}\n<\/style>\n\t<\/section>\n\t\n\n","protected":false},"excerpt":{"rendered":"","protected":false},"featured_media":2086,"menu_order":6,"template":"","etiqueta-proyecto":[],"class_list":["post-2084","proyecto","type-proyecto","status-publish","has-post-thumbnail","hentry"],"acf":[],"yoast_head":"<!-- This site is optimized with the Yoast SEO plugin v28.3 - https:\/\/yoast.com\/product\/yoast-seo-wordpress\/ -->\n<title>Proyecto Museo de la Seda | Global Menta<\/title>\n<meta name=\"description\" content=\"El Colegio del Arte Mayor de la Seda, joya del patrimonio, ofrece una experiencia cultural \u00fanica entre historia, arte y tradici\u00f3n en el coraz\u00f3n de Valencia.\" \/>\n<meta name=\"robots\" content=\"index, follow, max-snippet:-1, max-image-preview:large, max-video-preview:-1\" \/>\n<link rel=\"canonical\" href=\"https:\/\/globalmenta.com\/it\/proyecto\/museo-della-seta\/\" \/>\n<meta property=\"og:locale\" content=\"it_IT\" \/>\n<meta property=\"og:type\" content=\"article\" \/>\n<meta property=\"og:title\" content=\"Proyecto Museo de la Seda | Global Menta\" \/>\n<meta property=\"og:description\" content=\"El Colegio del Arte Mayor de la Seda, joya del patrimonio, ofrece una experiencia cultural \u00fanica entre historia, arte y tradici\u00f3n en el coraz\u00f3n de Valencia.\" \/>\n<meta property=\"og:url\" content=\"https:\/\/globalmenta.com\/it\/proyecto\/museo-della-seta\/\" \/>\n<meta property=\"og:site_name\" content=\"Global Menta\" \/>\n<meta property=\"article:publisher\" content=\"https:\/\/www.facebook.com\/mentacultural\" \/>\n<meta property=\"article:modified_time\" content=\"2026-02-27T12:58:53+00:00\" \/>\n<meta property=\"og:image\" content=\"https:\/\/globalmenta.com\/wp-content\/uploads\/2025\/06\/seda1.jpg\" \/>\n\t<meta property=\"og:image:width\" content=\"1920\" \/>\n\t<meta property=\"og:image:height\" content=\"1081\" \/>\n\t<meta property=\"og:image:type\" content=\"image\/jpeg\" \/>\n<meta name=\"twitter:card\" content=\"summary_large_image\" \/>\n<meta name=\"twitter:site\" content=\"@globalmentaa\" \/>\n<meta name=\"twitter:label1\" content=\"Tempo di lettura stimato\" \/>\n\t<meta name=\"twitter:data1\" content=\"5 minuti\" \/>\n<script type=\"application\/ld+json\" class=\"yoast-schema-graph\">{\"@context\":\"https:\\\/\\\/schema.org\",\"@graph\":[{\"@type\":\"WebPage\",\"@id\":\"https:\\\/\\\/globalmenta.com\\\/it\\\/proyecto\\\/museo-della-seta\\\/\",\"url\":\"https:\\\/\\\/globalmenta.com\\\/it\\\/proyecto\\\/museo-della-seta\\\/\",\"name\":\"Proyecto Museo de la Seda | Global Menta\",\"isPartOf\":{\"@id\":\"https:\\\/\\\/globalmenta.com\\\/it\\\/#website\"},\"primaryImageOfPage\":{\"@id\":\"https:\\\/\\\/globalmenta.com\\\/it\\\/proyecto\\\/museo-della-seta\\\/#primaryimage\"},\"image\":{\"@id\":\"https:\\\/\\\/globalmenta.com\\\/it\\\/proyecto\\\/museo-della-seta\\\/#primaryimage\"},\"thumbnailUrl\":\"https:\\\/\\\/globalmenta.com\\\/wp-content\\\/uploads\\\/2025\\\/06\\\/seda1.jpg\",\"datePublished\":\"2025-06-10T08:13:51+00:00\",\"dateModified\":\"2026-02-27T12:58:53+00:00\",\"description\":\"El Colegio del Arte Mayor de la Seda, joya del patrimonio, ofrece una experiencia cultural \u00fanica entre historia, arte y tradici\u00f3n en el coraz\u00f3n de Valencia.\",\"breadcrumb\":{\"@id\":\"https:\\\/\\\/globalmenta.com\\\/it\\\/proyecto\\\/museo-della-seta\\\/#breadcrumb\"},\"inLanguage\":\"it-IT\",\"potentialAction\":[{\"@type\":\"ReadAction\",\"target\":[\"https:\\\/\\\/globalmenta.com\\\/it\\\/proyecto\\\/museo-della-seta\\\/\"]}]},{\"@type\":\"ImageObject\",\"inLanguage\":\"it-IT\",\"@id\":\"https:\\\/\\\/globalmenta.com\\\/it\\\/proyecto\\\/museo-della-seta\\\/#primaryimage\",\"url\":\"https:\\\/\\\/globalmenta.com\\\/wp-content\\\/uploads\\\/2025\\\/06\\\/seda1.jpg\",\"contentUrl\":\"https:\\\/\\\/globalmenta.com\\\/wp-content\\\/uploads\\\/2025\\\/06\\\/seda1.jpg\",\"width\":1920,\"height\":1081,\"caption\":\"Proyecto Museo de la Seda\"},{\"@type\":\"BreadcrumbList\",\"@id\":\"https:\\\/\\\/globalmenta.com\\\/it\\\/proyecto\\\/museo-della-seta\\\/#breadcrumb\",\"itemListElement\":[{\"@type\":\"ListItem\",\"position\":1,\"name\":\"Portada\",\"item\":\"https:\\\/\\\/globalmenta.com\\\/it\\\/\"},{\"@type\":\"ListItem\",\"position\":2,\"name\":\"Museo della Seta\"}]},{\"@type\":\"WebSite\",\"@id\":\"https:\\\/\\\/globalmenta.com\\\/it\\\/#website\",\"url\":\"https:\\\/\\\/globalmenta.com\\\/it\\\/\",\"name\":\"Global Menta\",\"description\":\"Gesti\u00f3n de Espacios Culturales\",\"publisher\":{\"@id\":\"https:\\\/\\\/globalmenta.com\\\/it\\\/#organization\"},\"alternateName\":\"Global Menta\",\"potentialAction\":[{\"@type\":\"SearchAction\",\"target\":{\"@type\":\"EntryPoint\",\"urlTemplate\":\"https:\\\/\\\/globalmenta.com\\\/it\\\/?s={search_term_string}\"},\"query-input\":{\"@type\":\"PropertyValueSpecification\",\"valueRequired\":true,\"valueName\":\"search_term_string\"}}],\"inLanguage\":\"it-IT\"},{\"@type\":\"Organization\",\"@id\":\"https:\\\/\\\/globalmenta.com\\\/it\\\/#organization\",\"name\":\"Global Menta\",\"alternateName\":\"Global Menta\",\"url\":\"https:\\\/\\\/globalmenta.com\\\/it\\\/\",\"logo\":{\"@type\":\"ImageObject\",\"inLanguage\":\"it-IT\",\"@id\":\"https:\\\/\\\/globalmenta.com\\\/it\\\/#\\\/schema\\\/logo\\\/image\\\/\",\"url\":\"https:\\\/\\\/globalmenta.com\\\/wp-content\\\/uploads\\\/2025\\\/05\\\/global-menta-logo.svg\",\"contentUrl\":\"https:\\\/\\\/globalmenta.com\\\/wp-content\\\/uploads\\\/2025\\\/05\\\/global-menta-logo.svg\",\"width\":1,\"height\":1,\"caption\":\"Global Menta\"},\"image\":{\"@id\":\"https:\\\/\\\/globalmenta.com\\\/it\\\/#\\\/schema\\\/logo\\\/image\\\/\"},\"sameAs\":[\"https:\\\/\\\/www.facebook.com\\\/mentacultural\",\"https:\\\/\\\/x.com\\\/globalmentaa\",\"https:\\\/\\\/www.instagram.com\\\/globalmenta\\\/\"]}]}<\/script>\n<!-- \/ Yoast SEO plugin. -->","yoast_head_json":{"title":"Proyecto Museo de la Seda | Global Menta","description":"El Colegio del Arte Mayor de la Seda, joya del patrimonio, ofrece una experiencia cultural \u00fanica entre historia, arte y tradici\u00f3n en el coraz\u00f3n de Valencia.","robots":{"index":"index","follow":"follow","max-snippet":"max-snippet:-1","max-image-preview":"max-image-preview:large","max-video-preview":"max-video-preview:-1"},"canonical":"https:\/\/globalmenta.com\/it\/proyecto\/museo-della-seta\/","og_locale":"it_IT","og_type":"article","og_title":"Proyecto Museo de la Seda | Global Menta","og_description":"El Colegio del Arte Mayor de la Seda, joya del patrimonio, ofrece una experiencia cultural \u00fanica entre historia, arte y tradici\u00f3n en el coraz\u00f3n de Valencia.","og_url":"https:\/\/globalmenta.com\/it\/proyecto\/museo-della-seta\/","og_site_name":"Global Menta","article_publisher":"https:\/\/www.facebook.com\/mentacultural","article_modified_time":"2026-02-27T12:58:53+00:00","og_image":[{"width":1920,"height":1081,"url":"https:\/\/globalmenta.com\/wp-content\/uploads\/2025\/06\/seda1.jpg","type":"image\/jpeg"}],"twitter_card":"summary_large_image","twitter_site":"@globalmentaa","twitter_misc":{"Tempo di lettura stimato":"5 minuti"},"schema":{"@context":"https:\/\/schema.org","@graph":[{"@type":"WebPage","@id":"https:\/\/globalmenta.com\/it\/proyecto\/museo-della-seta\/","url":"https:\/\/globalmenta.com\/it\/proyecto\/museo-della-seta\/","name":"Proyecto Museo de la Seda | Global Menta","isPartOf":{"@id":"https:\/\/globalmenta.com\/it\/#website"},"primaryImageOfPage":{"@id":"https:\/\/globalmenta.com\/it\/proyecto\/museo-della-seta\/#primaryimage"},"image":{"@id":"https:\/\/globalmenta.com\/it\/proyecto\/museo-della-seta\/#primaryimage"},"thumbnailUrl":"https:\/\/globalmenta.com\/wp-content\/uploads\/2025\/06\/seda1.jpg","datePublished":"2025-06-10T08:13:51+00:00","dateModified":"2026-02-27T12:58:53+00:00","description":"El Colegio del Arte Mayor de la Seda, joya del patrimonio, ofrece una experiencia cultural \u00fanica entre historia, arte y tradici\u00f3n en el coraz\u00f3n de Valencia.","breadcrumb":{"@id":"https:\/\/globalmenta.com\/it\/proyecto\/museo-della-seta\/#breadcrumb"},"inLanguage":"it-IT","potentialAction":[{"@type":"ReadAction","target":["https:\/\/globalmenta.com\/it\/proyecto\/museo-della-seta\/"]}]},{"@type":"ImageObject","inLanguage":"it-IT","@id":"https:\/\/globalmenta.com\/it\/proyecto\/museo-della-seta\/#primaryimage","url":"https:\/\/globalmenta.com\/wp-content\/uploads\/2025\/06\/seda1.jpg","contentUrl":"https:\/\/globalmenta.com\/wp-content\/uploads\/2025\/06\/seda1.jpg","width":1920,"height":1081,"caption":"Proyecto Museo de la Seda"},{"@type":"BreadcrumbList","@id":"https:\/\/globalmenta.com\/it\/proyecto\/museo-della-seta\/#breadcrumb","itemListElement":[{"@type":"ListItem","position":1,"name":"Portada","item":"https:\/\/globalmenta.com\/it\/"},{"@type":"ListItem","position":2,"name":"Museo della Seta"}]},{"@type":"WebSite","@id":"https:\/\/globalmenta.com\/it\/#website","url":"https:\/\/globalmenta.com\/it\/","name":"Global Menta","description":"Gesti\u00f3n de Espacios Culturales","publisher":{"@id":"https:\/\/globalmenta.com\/it\/#organization"},"alternateName":"Global Menta","potentialAction":[{"@type":"SearchAction","target":{"@type":"EntryPoint","urlTemplate":"https:\/\/globalmenta.com\/it\/?s={search_term_string}"},"query-input":{"@type":"PropertyValueSpecification","valueRequired":true,"valueName":"search_term_string"}}],"inLanguage":"it-IT"},{"@type":"Organization","@id":"https:\/\/globalmenta.com\/it\/#organization","name":"Global Menta","alternateName":"Global Menta","url":"https:\/\/globalmenta.com\/it\/","logo":{"@type":"ImageObject","inLanguage":"it-IT","@id":"https:\/\/globalmenta.com\/it\/#\/schema\/logo\/image\/","url":"https:\/\/globalmenta.com\/wp-content\/uploads\/2025\/05\/global-menta-logo.svg","contentUrl":"https:\/\/globalmenta.com\/wp-content\/uploads\/2025\/05\/global-menta-logo.svg","width":1,"height":1,"caption":"Global Menta"},"image":{"@id":"https:\/\/globalmenta.com\/it\/#\/schema\/logo\/image\/"},"sameAs":["https:\/\/www.facebook.com\/mentacultural","https:\/\/x.com\/globalmentaa","https:\/\/www.instagram.com\/globalmenta\/"]}]}},"_links":{"self":[{"href":"https:\/\/globalmenta.com\/it\/wp-json\/wp\/v2\/proyecto\/2084","targetHints":{"allow":["GET"]}}],"collection":[{"href":"https:\/\/globalmenta.com\/it\/wp-json\/wp\/v2\/proyecto"}],"about":[{"href":"https:\/\/globalmenta.com\/it\/wp-json\/wp\/v2\/types\/proyecto"}],"wp:featuredmedia":[{"embeddable":true,"href":"https:\/\/globalmenta.com\/it\/wp-json\/wp\/v2\/media\/2086"}],"wp:attachment":[{"href":"https:\/\/globalmenta.com\/it\/wp-json\/wp\/v2\/media?parent=2084"}],"wp:term":[{"taxonomy":"etiqueta-proyecto","embeddable":true,"href":"https:\/\/globalmenta.com\/it\/wp-json\/wp\/v2\/etiqueta-proyecto?post=2084"}],"curies":[{"name":"wp","href":"https:\/\/api.w.org\/{rel}","templated":true}]}}