{"id":1918,"date":"2025-12-23T09:50:53","date_gmt":"2025-12-23T09:50:53","guid":{"rendered":"https:\/\/globalmenta.com\/chi-siamo\/"},"modified":"2026-02-27T13:22:15","modified_gmt":"2026-02-27T13:22:15","slug":"chi-siamo","status":"publish","type":"page","link":"https:\/\/globalmenta.com\/it\/chi-siamo\/","title":{"rendered":"Chi siamo"},"content":{"rendered":"\n\t<section class=\"section\" id=\"section_1912637501\">\n\t\t<div class=\"section-bg fill\" >\n\t\t\t\t\t\t\t<div class=\"video-overlay no-click fill visible\"><\/div>\n\t<video class=\"video-bg fill visible\" preload playsinline autoplay muted loop>\n\t\t<source src=\"\/videos\/gestion-cultural-video-header.mp4\" type=\"video\/mp4\">\t<\/video>\n\t\t\t<div class=\"section-bg-overlay absolute fill\"><\/div>\n\t\t\t\n\n\t\t<\/div>\n\n\t\t\n\n\t\t<div class=\"section-content relative\">\n\t\t\t\n<div class=\"row\"  id=\"row-1366603777\">\n\n\t<div id=\"col-1227270991\" class=\"col small-12 large-12\"  >\n\t\t\t\t<div class=\"col-inner\"  >\n\t\t\t\n\t\t\t\n\t<div id=\"text-841834430\" class=\"text doubled-font txt-m-0\">\n\t\t\n<h1 data-animate=\"fadeIn\" data-animate-delay=\"200\">Chi <em>siamo<\/em><\/h1>\n\t\t\n<style>\n#text-841834430 {\n  font-size: 2.1875rem;\n  text-align: center;\n  color: rgb(255,255,255);\n}\n#text-841834430 > * {\n  color: rgb(255,255,255);\n}\n<\/style>\n\t<\/div>\n\t\n\t\t<\/div>\n\t\t\t\t\t<\/div>\n\n\t\n<\/div>\n\t\t<\/div>\n\n\t\t\n<style>\n#section_1912637501 {\n  padding-top: 0px;\n  padding-bottom: 0px;\n  min-height: 100.01vh;\n  background-color: rgb(0, 0, 0);\n}\n#section_1912637501 .section-bg-overlay {\n  background-color: rgba(0, 0, 0, 0.15);\n}\n<\/style>\n\t<\/section>\n\t\n\n\t<section class=\"section\" id=\"section_1269091454\">\n\t\t<div class=\"section-bg fill\" >\n\t\t\t\t\t\t\t\t\t\n\t\t\t\n\n\t\t<\/div>\n\n\t\t\n\n\t\t<div class=\"section-content relative\">\n\t\t\t\n\t<div id=\"gap-536028896\" class=\"gap-element clearfix\" style=\"display:block; height:auto;\">\n\t\t\n<style>\n#gap-536028896 {\n  padding-top: 80px;\n}\n@media (min-width:550px) {\n  #gap-536028896 {\n    padding-top: 140px;\n  }\n}\n<\/style>\n\t<\/div>\n\t\n<div class=\"row\" style=\"max-width:800px\" id=\"row-1219739860\">\n\n\t<div id=\"col-1509639137\" class=\"col medium-12 small-12 large-12\"  >\n\t\t\t\t<div class=\"col-inner\"  >\n\t\t\t\n\t\t\t\n\t<div id=\"text-1900609600\" class=\"text pre-title txt-m-0\">\n\t\t\n<p>GLOBAL MENTA<\/p>\n\t\t\n<style>\n#text-1900609600 {\n  font-size: 1rem;\n  text-align: center;\n}\n@media (min-width:550px) {\n  #text-1900609600 {\n    font-size: 1rem;\n  }\n}\n<\/style>\n\t<\/div>\n\t\n\t<div id=\"gap-608830654\" class=\"gap-element clearfix\" style=\"display:block; height:auto;\">\n\t\t\n<style>\n#gap-608830654 {\n  padding-top: 10px;\n}\n@media (min-width:550px) {\n  #gap-608830654 {\n    padding-top: 20px;\n  }\n}\n@media (min-width:850px) {\n  #gap-608830654 {\n    padding-top: 25px;\n  }\n}\n<\/style>\n\t<\/div>\n\t\n\t<div id=\"text-1590650653\" class=\"text titles-font\">\n\t\t\n<h1 data-animate=\"fadeIn\">Il tuo partner strategico<br \/>nella gestione culturale e turistica.<\/h1>\n\t\t\n<style>\n#text-1590650653 {\n  font-size: 1.75rem;\n  line-height: 1.1;\n  text-align: center;\n}\n@media (min-width:550px) {\n  #text-1590650653 {\n    font-size: 2.25rem;\n  }\n}\n@media (min-width:850px) {\n  #text-1590650653 {\n    font-size: 3rem;\n  }\n}\n<\/style>\n\t<\/div>\n\t\n\t<div id=\"gap-1227324251\" class=\"gap-element clearfix\" style=\"display:block; height:auto;\">\n\t\t\n<style>\n#gap-1227324251 {\n  padding-top: 15px;\n}\n<\/style>\n\t<\/div>\n\t\n\t<div id=\"text-80307189\" class=\"text fw-300 txt-m-0\">\n\t\t\n<p>Global Menta \u00e8 un&#8217;azienda specializzata nella gestione culturale, <strong>un partner strategico nello sviluppo di progetti culturali e turistici<\/strong>. Offriamo una gestione professionale e impegnata nell&#8217;impatto sociale e nello sviluppo dei team. Il nostro modello integrale di gestione risponde alle sfide attuali per la valorizzazione del patrimonio culturale, come la sostenibilit\u00e0 e l&#8217;innovazione, senza perdere di vista l&#8217;orientamento al mercato.<\/p>\n\t\t\n<style>\n#text-80307189 {\n  font-size: 1rem;\n  line-height: 1.3;\n  text-align: center;\n}\n@media (min-width:550px) {\n  #text-80307189 {\n    font-size: 1.375rem;\n  }\n}\n<\/style>\n\t<\/div>\n\t\n\t\t<\/div>\n\t\t\t\t\t<\/div>\n\n\t\n<\/div>\n\t<div id=\"gap-744612841\" class=\"gap-element clearfix\" style=\"display:block; height:auto;\">\n\t\t\n<style>\n#gap-744612841 {\n  padding-top: 70px;\n}\n@media (min-width:550px) {\n  #gap-744612841 {\n    padding-top: 105px;\n  }\n}\n<\/style>\n\t<\/div>\n\t\n<div class=\"row align-middle\"  id=\"row-246883282\">\n\n\t<div id=\"col-1498358586\" class=\"col medium-6 small-12 large-6\"  >\n\t\t\t\t<div class=\"col-inner\"  >\n\t\t\t\n\t\t\t\n\t<div class=\"img has-hover x md-x lg-x y md-y lg-y\" id=\"image_973750138\">\n\t\t\t\t\t\t\t\t<div class=\"img-inner dark\" >\n\t\t\t<img loading=\"lazy\" decoding=\"async\" width=\"786\" height=\"543\" src=\"https:\/\/globalmenta.com\/wp-content\/uploads\/2025\/12\/mision-vision.jpg\" class=\"attachment-original size-original\" alt=\"\" srcset=\"https:\/\/globalmenta.com\/wp-content\/uploads\/2025\/12\/mision-vision.jpg 786w, https:\/\/globalmenta.com\/wp-content\/uploads\/2025\/12\/mision-vision-768x531.jpg 768w\" sizes=\"auto, (max-width: 786px) 100vw, 786px\" \/>\t\t\t\t\t\t\n\t\t\t\t\t<\/div>\n\t\t\t\t\t\t\t\t\n<style>\n#image_973750138 {\n  width: 100%;\n}\n<\/style>\n\t<\/div>\n\t\n\t\t<\/div>\n\t\t\t\t\t<\/div>\n\n\t\n\n\t<div id=\"col-671915609\" class=\"col medium-6 small-12 large-6\"  >\n\t\t\t\t<div class=\"col-inner\"  >\n\t\t\t\n\t\t\t\n\t<div id=\"text-2267700686\" class=\"text titles-font txt-m-0\">\n\t\t\n<p data-animate=\"fadeIn\">Missione<\/p>\n\t\t\n<style>\n#text-2267700686 {\n  font-size: 1.75rem;\n  line-height: 1.1;\n  text-align: left;\n}\n@media (min-width:550px) {\n  #text-2267700686 {\n    font-size: 2.25rem;\n  }\n}\n@media (min-width:850px) {\n  #text-2267700686 {\n    font-size: 3rem;\n  }\n}\n<\/style>\n\t<\/div>\n\t\n\t<div id=\"gap-468484668\" class=\"gap-element clearfix\" style=\"display:block; height:auto;\">\n\t\t\n<style>\n#gap-468484668 {\n  padding-top: 30px;\n}\n<\/style>\n\t<\/div>\n\t\n\t<div id=\"text-3788217183\" class=\"text fw-300 txt-m-0\">\n\t\t\n<p><strong>Potenziare il patrimonio attraverso una gestione culturale sostenibile e trasformativa.<\/strong> Accompagniamo istituzioni, aziende o privati nell&#8217;attivazione dei loro beni o servizi culturali attraverso un approccio integrale che combina strategia, creativit\u00e0 e operativit\u00e0 per generare esperienze memorabili.<\/p>\n\t\t\n<style>\n#text-3788217183 {\n  font-size: 1rem;\n  line-height: 1.3;\n  text-align: left;\n}\n@media (min-width:550px) {\n  #text-3788217183 {\n    font-size: 1.375rem;\n  }\n}\n<\/style>\n\t<\/div>\n\t\n<div class=\"is-divider divider clearfix\" style=\"margin-top:3rem;margin-bottom:3rem;max-width:100%;height:1px;background-color:rgb(0, 0, 0);\"><\/div>\n\t<div id=\"text-3368949323\" class=\"text titles-font txt-m-0\">\n\t\t\n<p data-animate=\"fadeIn\">Visione<\/p>\n\t\t\n<style>\n#text-3368949323 {\n  font-size: 1.75rem;\n  line-height: 1.1;\n  text-align: left;\n}\n@media (min-width:550px) {\n  #text-3368949323 {\n    font-size: 2.25rem;\n  }\n}\n@media (min-width:850px) {\n  #text-3368949323 {\n    font-size: 3rem;\n  }\n}\n<\/style>\n\t<\/div>\n\t\n\t<div id=\"gap-1349781864\" class=\"gap-element clearfix\" style=\"display:block; height:auto;\">\n\t\t\n<style>\n#gap-1349781864 {\n  padding-top: 30px;\n}\n<\/style>\n\t<\/div>\n\t\n\t<div id=\"text-4106138139\" class=\"text fw-300 txt-m-0\">\n\t\t\n<p><strong>Essere il punto di riferimento nella gestione culturale integrale in Spagna<\/strong>, riconosciuti per la nostra capacit\u00e0 di comunicare, attivare e proiettare il patrimonio verso il futuro con sostenibilit\u00e0 e creativit\u00e0.<\/p>\n\t\t\n<style>\n#text-4106138139 {\n  font-size: 1rem;\n  line-height: 1.3;\n  text-align: left;\n}\n@media (min-width:550px) {\n  #text-4106138139 {\n    font-size: 1.375rem;\n  }\n}\n<\/style>\n\t<\/div>\n\t\n\t\t<\/div>\n\t\t\t\t\n<style>\n#col-671915609 > .col-inner {\n  padding: 0px 2rem 0px 2rem;\n}\n<\/style>\n\t<\/div>\n\n\t\n<\/div>\n\t\t<\/div>\n\n\t\t\n<style>\n#section_1269091454 {\n  padding-top: 0px;\n  padding-bottom: 0px;\n}\n<\/style>\n\t<\/section>\n\t\n\t<div id=\"gap-2005318902\" class=\"gap-element clearfix\" style=\"display:block; height:auto;\">\n\t\t\n<style>\n#gap-2005318902 {\n  padding-top: 120px;\n}\n@media (min-width:550px) {\n  #gap-2005318902 {\n    padding-top: 60px;\n  }\n}\n<\/style>\n\t<\/div>\n\t\n\t<div id=\"gap-25442788\" class=\"gap-element clearfix\" style=\"display:block; height:auto;\">\n\t\t\n<style>\n#gap-25442788 {\n  padding-top: 120px;\n}\n@media (min-width:550px) {\n  #gap-25442788 {\n    padding-top: 60px;\n  }\n}\n<\/style>\n\t<\/div>\n\t\n\n\t<section class=\"section\" id=\"section_2107809103\">\n\t\t<div class=\"section-bg fill\" >\n\t\t\t\t\t\t\t\t\t\n\t\t\t\n\n\t\t<\/div>\n\n\t\t\n\n\t\t<div class=\"section-content relative\">\n\t\t\t\n<div class=\"row\"  id=\"row-2146693902\">\n\n\t<div id=\"col-3862856\" class=\"col small-12 large-12\"  >\n\t\t\t\t<div class=\"col-inner text-center\"  >\n\t\t\t\n\t\t\t\n\t<div id=\"gap-1862987317\" class=\"gap-element clearfix\" style=\"display:block; height:auto;\">\n\t\t\n<style>\n#gap-1862987317 {\n  padding-top: 120px;\n}\n@media (min-width:550px) {\n  #gap-1862987317 {\n    padding-top: 60px;\n  }\n}\n<\/style>\n\t<\/div>\n\t\n\t<div id=\"text-3691016460\" class=\"text pre-title txt-m-0\">\n\t\t\n<h2>CHI SIAMO<\/h2>\n\t\t\n<style>\n#text-3691016460 {\n  font-size: 1rem;\n  text-align: center;\n}\n@media (min-width:550px) {\n  #text-3691016460 {\n    font-size: 1rem;\n  }\n}\n<\/style>\n\t<\/div>\n\t\n\t<div id=\"text-2409784745\" class=\"text titles-font\">\n\t\t\n<p data-animate=\"fadeIn\">Perch\u00e9 scegliere Global Menta<\/p>\n\t\t\n<style>\n#text-2409784745 {\n  font-size: 1.75rem;\n  line-height: 1.1;\n  text-align: center;\n}\n@media (min-width:550px) {\n  #text-2409784745 {\n    font-size: 2.25rem;\n  }\n}\n@media (min-width:850px) {\n  #text-2409784745 {\n    font-size: 3rem;\n  }\n}\n<\/style>\n\t<\/div>\n\t\n<div class=\"row\"  id=\"row-1116016653\">\n\n\t<div id=\"col-1569403402\" class=\"col medium-6 small-12 large-6\"  >\n\t\t\t\t<div class=\"col-inner\"  >\n\t\t\t\n\t\t\t\n\n  <div class=\"banner has-hover\" id=\"banner-576224298\">\n          <div class=\"banner-inner fill\">\n        <div class=\"banner-bg fill\" >\n            <img loading=\"lazy\" decoding=\"async\" width=\"790\" height=\"448\" src=\"https:\/\/globalmenta.com\/wp-content\/uploads\/2025\/12\/global-menta-sobre-nosotros-1.jpg\" class=\"bg attachment-original size-original\" alt=\"\" \/>                        <div class=\"overlay\"><\/div>            \n                    <\/div>\n\t\t\n        <div class=\"banner-layers container\">\n            <div class=\"fill banner-link\"><\/div>            \n   <div id=\"text-box-1320353563\" class=\"text-box banner-layer x5 md-x5 lg-x5 y85 md-y85 lg-y85 res-text\">\n                                <div class=\"text-box-content text dark\">\n              \n              <div class=\"text-inner text-center\">\n                  \n\t<div id=\"text-2103253121\" class=\"text text-m-0\">\n\t\t\n<p>Struttura unificata e flessibile<\/p>\n\t\t\n<style>\n#text-2103253121 {\n  font-size: 1.5rem;\n  line-height: 1;\n  text-align: left;\n}\n<\/style>\n\t<\/div>\n\t\n\t<div id=\"text-3645388429\" class=\"text fw-200 txt-m-0\">\n\t\t\n<p>A differenza di altri modelli di esternalizzazione, in Global Menta integriamo le aree chiave come: Gestione Culturale, Consulenza, Promozione, Comunicazione, Hospitality ed esperienze Premium per garantire coerenza ed efficienza in ogni fase del progetto.<\/p>\n\t\t\n<style>\n#text-3645388429 {\n  font-size: 1rem;\n  text-align: left;\n}\n<\/style>\n\t<\/div>\n\t\n              <\/div>\n           <\/div>\n                            \n<style>\n#text-box-1320353563 {\n  width: 80%;\n}\n#text-box-1320353563 .text-box-content {\n  font-size: 0%;\n}\n<\/style>\n    <\/div>\n \n        <\/div>\n      <\/div>\n\n            \n<style>\n#banner-576224298 {\n  padding-top: 450px;\n}\n#banner-576224298 .overlay {\n  background-color: rgba(0, 0, 0, 0.4);\n}\n<\/style>\n  <\/div>\n\n\n\t\t<\/div>\n\t\t\t\t\t<\/div>\n\n\t\n\n\t<div id=\"col-400086180\" class=\"col medium-6 small-12 large-6\"  >\n\t\t\t\t<div class=\"col-inner\"  >\n\t\t\t\n\t\t\t\n\n  <div class=\"banner has-hover\" id=\"banner-1258488130\">\n          <div class=\"banner-inner fill\">\n        <div class=\"banner-bg fill\" >\n            <img loading=\"lazy\" decoding=\"async\" width=\"787\" height=\"448\" src=\"https:\/\/globalmenta.com\/wp-content\/uploads\/2025\/12\/global-menta-sobre-nosotros-2.jpg\" class=\"bg attachment-original size-original\" alt=\"\" \/>                        <div class=\"overlay\"><\/div>            \n                    <\/div>\n\t\t\n        <div class=\"banner-layers container\">\n            <div class=\"fill banner-link\"><\/div>            \n   <div id=\"text-box-1112932143\" class=\"text-box banner-layer x5 md-x5 lg-x5 y95 md-y95 lg-y95 res-text\">\n                                <div class=\"text-box-content text dark\">\n              \n              <div class=\"text-inner text-center\">\n                  \n\t<div id=\"text-3387042208\" class=\"text text-m-0\">\n\t\t\n<p>Adattamento a ogni cliente<\/p>\n\t\t\n<style>\n#text-3387042208 {\n  font-size: 1.5rem;\n  line-height: 1;\n  text-align: left;\n}\n<\/style>\n\t<\/div>\n\t\n\t<div id=\"text-762779501\" class=\"text fw-200 txt-m-0\">\n\t\t\n<p>Con il supporto di una struttura unificata, progettiamo soluzioni su misura. Il nostro team \u00e8 formato da professionisti con profili complementari in comunicazione, marketing, design, ospitalit\u00e0, gestione del talento e operativit\u00e0 tecnica. Questa struttura interna ci permette di controllare la qualit\u00e0 di ogni azione, ottimizzare le risorse e garantire risultati coerenti e misurabili, sempre in linea con gli obiettivi di ogni cliente.<\/p>\n\t\t\n<style>\n#text-762779501 {\n  font-size: 1rem;\n  text-align: left;\n}\n<\/style>\n\t<\/div>\n\t\n              <\/div>\n           <\/div>\n                            \n<style>\n#text-box-1112932143 {\n  width: 90%;\n}\n#text-box-1112932143 .text-box-content {\n  font-size: 0%;\n}\n<\/style>\n    <\/div>\n \n        <\/div>\n      <\/div>\n\n            \n<style>\n#banner-1258488130 {\n  padding-top: 450px;\n}\n#banner-1258488130 .overlay {\n  background-color: rgba(0, 0, 0, 0.4);\n}\n<\/style>\n  <\/div>\n\n\n\t\t<\/div>\n\t\t\t\t\t<\/div>\n\n\t\n<\/div>\n\t<div id=\"gap-1617376736\" class=\"gap-element clearfix\" style=\"display:block; height:auto;\">\n\t\t\n<style>\n#gap-1617376736 {\n  padding-top: 120px;\n}\n@media (min-width:550px) {\n  #gap-1617376736 {\n    padding-top: 60px;\n  }\n}\n<\/style>\n\t<\/div>\n\t\n<a href=\"\/it\/contatto\" class=\"button secondary is-outline mb-0\"  >\n\t\t<span>MAGGIORI INFORMAZIONI<\/span>\n\t<\/a>\n\n\t\t<\/div>\n\t\t\t\t\t<\/div>\n\n\t\n<\/div>\n\t<div id=\"gap-28865111\" class=\"gap-element clearfix\" style=\"display:block; height:auto;\">\n\t\t\n<style>\n#gap-28865111 {\n  padding-top: 120px;\n}\n@media (min-width:550px) {\n  #gap-28865111 {\n    padding-top: 60px;\n  }\n}\n<\/style>\n\t<\/div>\n\t\n\t\t<\/div>\n\n\t\t\n<style>\n#section_2107809103 {\n  padding-top: 30px;\n  padding-bottom: 30px;\n  background-color: rgba(100, 100, 100, 0.1);\n}\n<\/style>\n\t<\/section>\n\t\n\n\t<section class=\"section\" id=\"section_1766829031\">\n\t\t<div class=\"section-bg fill\" >\n\t\t\t\t\t\t\t\t\t\n\t\t\t\n\n\t\t<\/div>\n\n\t\t\n\n\t\t<div class=\"section-content relative\">\n\t\t\t\n\t<div id=\"gap-1591795547\" class=\"gap-element clearfix\" style=\"display:block; height:auto;\">\n\t\t\n<style>\n#gap-1591795547 {\n  padding-top: 120px;\n}\n@media (min-width:550px) {\n  #gap-1591795547 {\n    padding-top: 140px;\n  }\n}\n<\/style>\n\t<\/div>\n\t\n<div class=\"row\" style=\"max-width:800px\" id=\"row-1844546827\">\n\n\t<div id=\"col-1551243156\" class=\"col medium-12 small-12 large-12\"  >\n\t\t\t\t<div class=\"col-inner\"  >\n\t\t\t\n\t\t\t\n\t<div id=\"text-590361502\" class=\"text pre-title txt-m-0\">\n\t\t\n<h2>PROGETTI DI GESTIONE CULTURALE<\/h2>\n\t\t\n<style>\n#text-590361502 {\n  font-size: 1rem;\n  text-align: center;\n}\n@media (min-width:550px) {\n  #text-590361502 {\n    font-size: 1rem;\n  }\n}\n<\/style>\n\t<\/div>\n\t\n\t<div id=\"gap-1393492336\" class=\"gap-element clearfix\" style=\"display:block; height:auto;\">\n\t\t\n<style>\n#gap-1393492336 {\n  padding-top: 10px;\n}\n@media (min-width:550px) {\n  #gap-1393492336 {\n    padding-top: 20px;\n  }\n}\n@media (min-width:850px) {\n  #gap-1393492336 {\n    padding-top: 25px;\n  }\n}\n<\/style>\n\t<\/div>\n\t\n\t<div id=\"text-943606252\" class=\"text titles-font\">\n\t\t\n<p data-animate=\"fadeIn\">Dove la cultura<br \/>diventa esperienza.<\/p>\n\t\t\n<style>\n#text-943606252 {\n  font-size: 1.75rem;\n  line-height: 1.1;\n  text-align: center;\n}\n@media (min-width:550px) {\n  #text-943606252 {\n    font-size: 2.25rem;\n  }\n}\n@media (min-width:850px) {\n  #text-943606252 {\n    font-size: 3rem;\n  }\n}\n<\/style>\n\t<\/div>\n\t\n\t\t<\/div>\n\t\t\t\t\t<\/div>\n\n\t\n<\/div>\n\t<div id=\"gap-424139218\" class=\"gap-element clearfix\" style=\"display:block; height:auto;\">\n\t\t\n<style>\n#gap-424139218 {\n  padding-top: 70px;\n}\n@media (min-width:550px) {\n  #gap-424139218 {\n    padding-top: 105px;\n  }\n}\n<\/style>\n\t<\/div>\n\t\n<div class=\"row\"  id=\"row-1250349123\">\n\n\t<div id=\"col-1625919863\" class=\"col small-12 large-12\"  >\n\t\t\t\t<div class=\"col-inner\"  >\n\t\t\t\n\t\t\t\n\n    \t\t<div class=\"proyectos-grid-container todos\">\n    \t            <div class=\"proyecto-item\">\n\n            \t<a href=\"https:\/\/globalmenta.com\/it\/proyecto\/parrocchia-di-san-nicolo\/\"> \n            \t<div class=\"proyecto-image\">\n            \t\t            \t\t\t     <img decoding=\"async\" src=\"https:\/\/globalmenta.com\/wp-content\/uploads\/2025\/05\/parroquia-san-nicolas-slider.jpg\" alt=\"Parrocchia di San Nicol\u00f2\">\t\n            \t\t            \t<\/div>\n            \t<\/a>\n            \t<div class=\"proyecto-data\">\n                    <h3><a href=\"https:\/\/globalmenta.com\/it\/proyecto\/parrocchia-di-san-nicolo\/\"> Parrocchia di San Nicol\u00f2 <\/a><\/h3>\n            \t\t<span class=\"proyecto-loc\">Valencia, Espa\u00f1a<\/span>\n            \t<\/div>\n            <\/div>\n                    <div class=\"proyecto-item\">\n\n            \t<a href=\"https:\/\/globalmenta.com\/it\/proyecto\/centro-arte-hortensia-herrero\/\"> \n            \t<div class=\"proyecto-image\">\n            \t\t            \t\t\t     <img decoding=\"async\" src=\"https:\/\/globalmenta.com\/wp-content\/uploads\/2025\/05\/centro-arte-hortenisa-slider.jpg\" alt=\"Centro d\u2019Arte Hortensia Herrero\">\t\n            \t\t            \t<\/div>\n            \t<\/a>\n            \t<div class=\"proyecto-data\">\n                    <h3><a href=\"https:\/\/globalmenta.com\/it\/proyecto\/centro-arte-hortensia-herrero\/\"> Centro d\u2019Arte Hortensia Herrero <\/a><\/h3>\n            \t\t<span class=\"proyecto-loc\">Valencia, Espa\u00f1a<\/span>\n            \t<\/div>\n            <\/div>\n                    <div class=\"proyecto-item\">\n\n            \t<a href=\"https:\/\/globalmenta.com\/it\/proyecto\/museo-della-seta\/\"> \n            \t<div class=\"proyecto-image\">\n            \t\t            \t\t\t     <img decoding=\"async\" src=\"https:\/\/globalmenta.com\/wp-content\/uploads\/2025\/05\/museo-seda-slider.jpg\" alt=\"Museo della Seta\">\t\n            \t\t            \t<\/div>\n            \t<\/a>\n            \t<div class=\"proyecto-data\">\n                    <h3><a href=\"https:\/\/globalmenta.com\/it\/proyecto\/museo-della-seta\/\"> Museo della Seta <\/a><\/h3>\n            \t\t<span class=\"proyecto-loc\">Valencia, Espa\u00f1a<\/span>\n            \t<\/div>\n            <\/div>\n                    <div class=\"proyecto-item\">\n\n            \t<a href=\"https:\/\/globalmenta.com\/it\/proyecto\/real-parroquia-de-los-santos-juanes\/\"> \n            \t<div class=\"proyecto-image\">\n            \t\t            \t\t\t     <img decoding=\"async\" src=\"https:\/\/globalmenta.com\/wp-content\/uploads\/2025\/05\/real-parroquia-santos-juanes-slider-.jpg\" alt=\"Real Parroquia de los Santos Juanes\">\t\n            \t\t            \t<\/div>\n            \t<\/a>\n            \t<div class=\"proyecto-data\">\n                    <h3><a href=\"https:\/\/globalmenta.com\/it\/proyecto\/real-parroquia-de-los-santos-juanes\/\"> Real Parroquia de los Santos Juanes <\/a><\/h3>\n            \t\t<span class=\"proyecto-loc\">Valencia, Espa\u00f1a<\/span>\n            \t<\/div>\n            <\/div>\n                    <div class=\"proyecto-item\">\n\n            \t<a href=\"https:\/\/globalmenta.com\/it\/proyecto\/mostra-temporanea-da-loscurita-alla-luce\/\"> \n            \t<div class=\"proyecto-image\">\n            \t\t            \t\t\t     <img decoding=\"async\" src=\"https:\/\/globalmenta.com\/wp-content\/uploads\/2025\/07\/de-la-foscor-a-la-llum.jpg\" alt=\"Mostra Temporanea \u2018Da l\u2019Oscurit\u00e0 alla Luce\u2019\">\t\n            \t\t            \t<\/div>\n            \t<\/a>\n            \t<div class=\"proyecto-data\">\n                    <h3><a href=\"https:\/\/globalmenta.com\/it\/proyecto\/mostra-temporanea-da-loscurita-alla-luce\/\"> Mostra Temporanea \u2018Da l\u2019Oscurit\u00e0 alla Luce\u2019 <\/a><\/h3>\n            \t\t<span class=\"proyecto-loc\">Valencia, Espa\u00f1a<\/span>\n            \t<\/div>\n            <\/div>\n                    <div class=\"proyecto-item\">\n\n            \t<a href=\"https:\/\/globalmenta.com\/it\/proyecto\/mostra-temporanea-origenes-sorolla\/\"> \n            \t<div class=\"proyecto-image\">\n            \t\t            \t\t\t     <img decoding=\"async\" src=\"https:\/\/globalmenta.com\/wp-content\/uploads\/2025\/07\/global-menta-proyecto-Sorolla-origenes.jpg\" alt=\"Mostra Temporanea \u2018Or\u00edgenes\u2019 Sorolla\">\t\n            \t\t            \t<\/div>\n            \t<\/a>\n            \t<div class=\"proyecto-data\">\n                    <h3><a href=\"https:\/\/globalmenta.com\/it\/proyecto\/mostra-temporanea-origenes-sorolla\/\"> Mostra Temporanea \u2018Or\u00edgenes\u2019 Sorolla <\/a><\/h3>\n            \t\t<span class=\"proyecto-loc\">Valencia, Espa\u00f1a<\/span>\n            \t<\/div>\n            <\/div>\n                    <div class=\"proyecto-item\">\n\n            \t<a href=\"https:\/\/globalmenta.com\/it\/proyecto\/installazione-ron-arad-720\/\"> \n            \t<div class=\"proyecto-image\">\n            \t\t            \t\t\t     <img decoding=\"async\" src=\"https:\/\/globalmenta.com\/wp-content\/uploads\/2025\/07\/instalacion-ron-arad.jpg\" alt=\"Installazione Ron Arad 720\u00ba\">\t\n            \t\t            \t<\/div>\n            \t<\/a>\n            \t<div class=\"proyecto-data\">\n                    <h3><a href=\"https:\/\/globalmenta.com\/it\/proyecto\/installazione-ron-arad-720\/\"> Installazione Ron Arad 720\u00ba <\/a><\/h3>\n            \t\t<span class=\"proyecto-loc\">Valencia, Espa\u00f1a<\/span>\n            \t<\/div>\n            <\/div>\n                    <div class=\"proyecto-item\">\n\n            \t<a href=\"https:\/\/globalmenta.com\/it\/proyecto\/lonja-della-seta\/\"> \n            \t<div class=\"proyecto-image\">\n            \t\t            \t\t\t     <img decoding=\"async\" src=\"https:\/\/globalmenta.com\/wp-content\/uploads\/2025\/07\/lonja-seda-grid.jpg\" alt=\"Lonja della Seta di Valencia\">\t\n            \t\t            \t<\/div>\n            \t<\/a>\n            \t<div class=\"proyecto-data\">\n                    <h3><a href=\"https:\/\/globalmenta.com\/it\/proyecto\/lonja-della-seta\/\"> Lonja della Seta di Valencia <\/a><\/h3>\n            \t\t<span class=\"proyecto-loc\">Valencia, Espa\u00f1a<\/span>\n            \t<\/div>\n            <\/div>\n         \n        \t<\/div> \n    \t\n\n\t\t<\/div>\n\t\t\t\t\t<\/div>\n\n\t\n<\/div>\n\t<div id=\"gap-1266568210\" class=\"gap-element clearfix\" style=\"display:block; height:auto;\">\n\t\t\n<style>\n#gap-1266568210 {\n  padding-top: 70px;\n}\n@media (min-width:550px) {\n  #gap-1266568210 {\n    padding-top: 60px;\n  }\n}\n<\/style>\n\t<\/div>\n\t\n<div class=\"row\"  id=\"row-744154325\">\n\n\t<div id=\"col-1897802025\" class=\"col small-12 large-12\"  >\n\t\t\t\t<div class=\"col-inner text-center\"  >\n\t\t\t\n\t\t\t\n<a href=\"https:\/\/globalmenta.com\/it\/progetti\/\" class=\"button secondary is-outline mb-0\"  >\n\t\t<span>Vedi tutti i progetti<\/span>\n\t<\/a>\n\n\t\t<\/div>\n\t\t\t\t\t<\/div>\n\n\t\n<\/div>\n\t\t<\/div>\n\n\t\t\n<style>\n#section_1766829031 {\n  padding-top: 0px;\n  padding-bottom: 0px;\n}\n<\/style>\n\t<\/section>\n\t\n\t<div id=\"gap-978388011\" class=\"gap-element clearfix\" style=\"display:block; height:auto;\">\n\t\t\n<style>\n#gap-978388011 {\n  padding-top: 120px;\n}\n@media (min-width:550px) {\n  #gap-978388011 {\n    padding-top: 60px;\n  }\n}\n<\/style>\n\t<\/div>\n\t\n","protected":false},"excerpt":{"rendered":"","protected":false},"author":1,"featured_media":0,"parent":0,"menu_order":2,"comment_status":"closed","ping_status":"closed","template":"","meta":{"_acf_changed":false,"footnotes":""},"class_list":["post-1918","page","type-page","status-publish","hentry"],"acf":[],"yoast_head":"<!-- This site is optimized with the Yoast SEO plugin v28.3 - https:\/\/yoast.com\/product\/yoast-seo-wordpress\/ -->\n<title>Cos&#039;\u00e8 Global Menta? | Gestione culturale e turistica<\/title>\n<meta name=\"description\" content=\"Scopri Global Menta, il tuo partner strategico nella gestione di spazi culturali. Missione, visione e come attiviamo il patrimonio con sostenibilit\u00e0 e innovazione.\" \/>\n<meta name=\"robots\" content=\"index, follow, max-snippet:-1, max-image-preview:large, max-video-preview:-1\" \/>\n<link rel=\"canonical\" href=\"https:\/\/globalmenta.com\/it\/chi-siamo\/\" \/>\n<meta property=\"og:locale\" content=\"it_IT\" \/>\n<meta property=\"og:type\" content=\"article\" \/>\n<meta property=\"og:title\" content=\"Cos&#039;\u00e8 Global Menta? | Gestione culturale e turistica\" \/>\n<meta property=\"og:description\" content=\"Scopri Global Menta, il tuo partner strategico nella gestione di spazi culturali. Missione, visione e come attiviamo il patrimonio con sostenibilit\u00e0 e innovazione.\" \/>\n<meta property=\"og:url\" content=\"https:\/\/globalmenta.com\/it\/chi-siamo\/\" \/>\n<meta property=\"og:site_name\" content=\"Global Menta\" \/>\n<meta property=\"article:publisher\" content=\"https:\/\/www.facebook.com\/mentacultural\" \/>\n<meta property=\"article:modified_time\" content=\"2026-02-27T13:22:15+00:00\" \/>\n<meta property=\"og:image\" content=\"https:\/\/globalmenta.com\/wp-content\/uploads\/2025\/06\/valencia-icons-1.jpg\" \/>\n<meta name=\"twitter:card\" content=\"summary_large_image\" \/>\n<meta name=\"twitter:site\" content=\"@globalmentaa\" \/>\n<meta name=\"twitter:label1\" content=\"Tempo di lettura stimato\" \/>\n\t<meta name=\"twitter:data1\" content=\"4 minuti\" \/>\n<script type=\"application\/ld+json\" class=\"yoast-schema-graph\">{\"@context\":\"https:\\\/\\\/schema.org\",\"@graph\":[{\"@type\":\"WebPage\",\"@id\":\"https:\\\/\\\/globalmenta.com\\\/it\\\/chi-siamo\\\/\",\"url\":\"https:\\\/\\\/globalmenta.com\\\/it\\\/chi-siamo\\\/\",\"name\":\"Cos'\u00e8 Global Menta? | Gestione culturale e turistica\",\"isPartOf\":{\"@id\":\"https:\\\/\\\/globalmenta.com\\\/it\\\/#website\"},\"datePublished\":\"2025-12-23T09:50:53+00:00\",\"dateModified\":\"2026-02-27T13:22:15+00:00\",\"description\":\"Scopri Global Menta, il tuo partner strategico nella gestione di spazi culturali. Missione, visione e come attiviamo il patrimonio con sostenibilit\u00e0 e innovazione.\",\"breadcrumb\":{\"@id\":\"https:\\\/\\\/globalmenta.com\\\/it\\\/chi-siamo\\\/#breadcrumb\"},\"inLanguage\":\"it-IT\",\"potentialAction\":[{\"@type\":\"ReadAction\",\"target\":[\"https:\\\/\\\/globalmenta.com\\\/it\\\/chi-siamo\\\/\"]}]},{\"@type\":\"BreadcrumbList\",\"@id\":\"https:\\\/\\\/globalmenta.com\\\/it\\\/chi-siamo\\\/#breadcrumb\",\"itemListElement\":[{\"@type\":\"ListItem\",\"position\":1,\"name\":\"Portada\",\"item\":\"https:\\\/\\\/globalmenta.com\\\/it\\\/\"},{\"@type\":\"ListItem\",\"position\":2,\"name\":\"Chi siamo\"}]},{\"@type\":\"WebSite\",\"@id\":\"https:\\\/\\\/globalmenta.com\\\/it\\\/#website\",\"url\":\"https:\\\/\\\/globalmenta.com\\\/it\\\/\",\"name\":\"Global Menta\",\"description\":\"Gesti\u00f3n de Espacios Culturales\",\"publisher\":{\"@id\":\"https:\\\/\\\/globalmenta.com\\\/it\\\/#organization\"},\"alternateName\":\"Global Menta\",\"potentialAction\":[{\"@type\":\"SearchAction\",\"target\":{\"@type\":\"EntryPoint\",\"urlTemplate\":\"https:\\\/\\\/globalmenta.com\\\/it\\\/?s={search_term_string}\"},\"query-input\":{\"@type\":\"PropertyValueSpecification\",\"valueRequired\":true,\"valueName\":\"search_term_string\"}}],\"inLanguage\":\"it-IT\"},{\"@type\":\"Organization\",\"@id\":\"https:\\\/\\\/globalmenta.com\\\/it\\\/#organization\",\"name\":\"Global Menta\",\"alternateName\":\"Global Menta\",\"url\":\"https:\\\/\\\/globalmenta.com\\\/it\\\/\",\"logo\":{\"@type\":\"ImageObject\",\"inLanguage\":\"it-IT\",\"@id\":\"https:\\\/\\\/globalmenta.com\\\/it\\\/#\\\/schema\\\/logo\\\/image\\\/\",\"url\":\"https:\\\/\\\/globalmenta.com\\\/wp-content\\\/uploads\\\/2025\\\/05\\\/global-menta-logo.svg\",\"contentUrl\":\"https:\\\/\\\/globalmenta.com\\\/wp-content\\\/uploads\\\/2025\\\/05\\\/global-menta-logo.svg\",\"width\":1,\"height\":1,\"caption\":\"Global Menta\"},\"image\":{\"@id\":\"https:\\\/\\\/globalmenta.com\\\/it\\\/#\\\/schema\\\/logo\\\/image\\\/\"},\"sameAs\":[\"https:\\\/\\\/www.facebook.com\\\/mentacultural\",\"https:\\\/\\\/x.com\\\/globalmentaa\",\"https:\\\/\\\/www.instagram.com\\\/globalmenta\\\/\"]}]}<\/script>\n<!-- \/ Yoast SEO plugin. -->","yoast_head_json":{"title":"Cos'\u00e8 Global Menta? | Gestione culturale e turistica","description":"Scopri Global Menta, il tuo partner strategico nella gestione di spazi culturali. Missione, visione e come attiviamo il patrimonio con sostenibilit\u00e0 e innovazione.","robots":{"index":"index","follow":"follow","max-snippet":"max-snippet:-1","max-image-preview":"max-image-preview:large","max-video-preview":"max-video-preview:-1"},"canonical":"https:\/\/globalmenta.com\/it\/chi-siamo\/","og_locale":"it_IT","og_type":"article","og_title":"Cos'\u00e8 Global Menta? | Gestione culturale e turistica","og_description":"Scopri Global Menta, il tuo partner strategico nella gestione di spazi culturali. Missione, visione e come attiviamo il patrimonio con sostenibilit\u00e0 e innovazione.","og_url":"https:\/\/globalmenta.com\/it\/chi-siamo\/","og_site_name":"Global Menta","article_publisher":"https:\/\/www.facebook.com\/mentacultural","article_modified_time":"2026-02-27T13:22:15+00:00","og_image":[{"url":"https:\/\/globalmenta.com\/wp-content\/uploads\/2025\/06\/valencia-icons-1.jpg","type":"","width":"","height":""}],"twitter_card":"summary_large_image","twitter_site":"@globalmentaa","twitter_misc":{"Tempo di lettura stimato":"4 minuti"},"schema":{"@context":"https:\/\/schema.org","@graph":[{"@type":"WebPage","@id":"https:\/\/globalmenta.com\/it\/chi-siamo\/","url":"https:\/\/globalmenta.com\/it\/chi-siamo\/","name":"Cos'\u00e8 Global Menta? | Gestione culturale e turistica","isPartOf":{"@id":"https:\/\/globalmenta.com\/it\/#website"},"datePublished":"2025-12-23T09:50:53+00:00","dateModified":"2026-02-27T13:22:15+00:00","description":"Scopri Global Menta, il tuo partner strategico nella gestione di spazi culturali. Missione, visione e come attiviamo il patrimonio con sostenibilit\u00e0 e innovazione.","breadcrumb":{"@id":"https:\/\/globalmenta.com\/it\/chi-siamo\/#breadcrumb"},"inLanguage":"it-IT","potentialAction":[{"@type":"ReadAction","target":["https:\/\/globalmenta.com\/it\/chi-siamo\/"]}]},{"@type":"BreadcrumbList","@id":"https:\/\/globalmenta.com\/it\/chi-siamo\/#breadcrumb","itemListElement":[{"@type":"ListItem","position":1,"name":"Portada","item":"https:\/\/globalmenta.com\/it\/"},{"@type":"ListItem","position":2,"name":"Chi siamo"}]},{"@type":"WebSite","@id":"https:\/\/globalmenta.com\/it\/#website","url":"https:\/\/globalmenta.com\/it\/","name":"Global Menta","description":"Gesti\u00f3n de Espacios Culturales","publisher":{"@id":"https:\/\/globalmenta.com\/it\/#organization"},"alternateName":"Global Menta","potentialAction":[{"@type":"SearchAction","target":{"@type":"EntryPoint","urlTemplate":"https:\/\/globalmenta.com\/it\/?s={search_term_string}"},"query-input":{"@type":"PropertyValueSpecification","valueRequired":true,"valueName":"search_term_string"}}],"inLanguage":"it-IT"},{"@type":"Organization","@id":"https:\/\/globalmenta.com\/it\/#organization","name":"Global Menta","alternateName":"Global Menta","url":"https:\/\/globalmenta.com\/it\/","logo":{"@type":"ImageObject","inLanguage":"it-IT","@id":"https:\/\/globalmenta.com\/it\/#\/schema\/logo\/image\/","url":"https:\/\/globalmenta.com\/wp-content\/uploads\/2025\/05\/global-menta-logo.svg","contentUrl":"https:\/\/globalmenta.com\/wp-content\/uploads\/2025\/05\/global-menta-logo.svg","width":1,"height":1,"caption":"Global Menta"},"image":{"@id":"https:\/\/globalmenta.com\/it\/#\/schema\/logo\/image\/"},"sameAs":["https:\/\/www.facebook.com\/mentacultural","https:\/\/x.com\/globalmentaa","https:\/\/www.instagram.com\/globalmenta\/"]}]}},"_links":{"self":[{"href":"https:\/\/globalmenta.com\/it\/wp-json\/wp\/v2\/pages\/1918","targetHints":{"allow":["GET"]}}],"collection":[{"href":"https:\/\/globalmenta.com\/it\/wp-json\/wp\/v2\/pages"}],"about":[{"href":"https:\/\/globalmenta.com\/it\/wp-json\/wp\/v2\/types\/page"}],"author":[{"embeddable":true,"href":"https:\/\/globalmenta.com\/it\/wp-json\/wp\/v2\/users\/1"}],"replies":[{"embeddable":true,"href":"https:\/\/globalmenta.com\/it\/wp-json\/wp\/v2\/comments?post=1918"}],"version-history":[{"count":4,"href":"https:\/\/globalmenta.com\/it\/wp-json\/wp\/v2\/pages\/1918\/revisions"}],"predecessor-version":[{"id":2126,"href":"https:\/\/globalmenta.com\/it\/wp-json\/wp\/v2\/pages\/1918\/revisions\/2126"}],"wp:attachment":[{"href":"https:\/\/globalmenta.com\/it\/wp-json\/wp\/v2\/media?parent=1918"}],"curies":[{"name":"wp","href":"https:\/\/api.w.org\/{rel}","templated":true}]}}